{"id":345,"date":"2018-10-08T09:37:19","date_gmt":"2018-10-08T07:37:19","guid":{"rendered":"http:\/\/www.apsam.be\/?page_id=345"},"modified":"2019-12-17T10:08:47","modified_gmt":"2019-12-17T09:08:47","slug":"galerie-photos","status":"publish","type":"page","link":"https:\/\/www.apsam.be\/?page_id=345","title":{"rendered":"Photos audition APSAM 2018"},"content":{"rendered":"<p style=\"text-align: center;\"><span style=\"font-size: 14pt;\">Auditions APSAM 2018 du samedi 06 octobre au Centre culturel de Welkenraedt<\/span><\/p>\n<p><span style=\"font-size: 10pt;\">Composition du Jury:<\/span><\/p>\n<p><span style=\"font-size: 10pt;\">Jean-Claude DESIDE, trompettiste &#8211; Directeur honoraire de l&rsquo;Acad\u00e9mie de musique de Saint-Ghislain<\/span><\/p>\n<p><span style=\"font-size: 10pt;\">Hans-Georg REINERTZ, Chef de ch\u0153ur, fl\u00fbtiste et organiste &#8211; Directeur honoraire de la Musikakademie der Deutschsprachigen Gemeinschaft Belgiens d&rsquo;Eupen<\/span><\/p>\n<p><span style=\"font-size: 10pt;\">Marlo STRAUSS, mandoliniste &#8211; Professeur \u00e0 la\u00a0<span style=\"text-align: left; color: #333333; text-transform: none; text-indent: 0px; letter-spacing: normal; font-family: Georgia,'Times New Roman','Bitstream Charter',Times,serif; font-style: normal; font-variant: normal; font-weight: 400; text-decoration: none; word-spacing: 0px; display: inline !important; white-space: normal; cursor: text; orphans: 2; float: none; -webkit-text-stroke-width: 0px; background-color: transparent;\">Musikakademie der Deutschsprachigen Gemeinschaft Belgiens d&rsquo;Eupen<\/span><\/span><\/p>\n<div id='gallery-1' class='gallery galleryid-345 gallery-columns-4 gallery-size-thumbnail'><figure class='gallery-item'>\n\t\t\t<div class='gallery-icon landscape'>\n\t\t\t\t<a href='https:\/\/www.apsam.be\/wp-content\/uploads\/2018\/10\/Jury-018.jpg'><img width=\"150\" height=\"150\" src=\"https:\/\/www.apsam.be\/wp-content\/uploads\/2018\/10\/Jury-018-150x150.jpg\" class=\"attachment-thumbnail size-thumbnail colorbox-345 \" alt=\"\" loading=\"lazy\" aria-describedby=\"gallery-1-350\" \/><\/a>\n\t\t\t<\/div>\n\t\t\t\t<figcaption class='wp-caption-text gallery-caption' id='gallery-1-350'>\n\t\t\t\tLe jury de l&rsquo;audition APSAM 2018\n\t\t\t\t<\/figcaption><\/figure><figure class='gallery-item'>\n\t\t\t<div class='gallery-icon landscape'>\n\t\t\t\t<a href='https:\/\/www.apsam.be\/wp-content\/uploads\/2018\/10\/Les-Fabulistes.jpg'><img width=\"150\" height=\"150\" src=\"https:\/\/www.apsam.be\/wp-content\/uploads\/2018\/10\/Les-Fabulistes-150x150.jpg\" class=\"attachment-thumbnail size-thumbnail colorbox-345 \" alt=\"\" loading=\"lazy\" aria-describedby=\"gallery-1-351\" \/><\/a>\n\t\t\t<\/div>\n\t\t\t\t<figcaption class='wp-caption-text gallery-caption' id='gallery-1-351'>\n\t\t\t\tLes Fabulistes\n\t\t\t\t<\/figcaption><\/figure><figure class='gallery-item'>\n\t\t\t<div class='gallery-icon landscape'>\n\t\t\t\t<a href='https:\/\/www.apsam.be\/wp-content\/uploads\/2018\/10\/CRMM1.jpg'><img width=\"150\" height=\"150\" src=\"https:\/\/www.apsam.be\/wp-content\/uploads\/2018\/10\/CRMM1-150x150.jpg\" class=\"attachment-thumbnail size-thumbnail colorbox-345 \" alt=\"\" loading=\"lazy\" aria-describedby=\"gallery-1-352\" \/><\/a>\n\t\t\t<\/div>\n\t\t\t\t<figcaption class='wp-caption-text gallery-caption' id='gallery-1-352'>\n\t\t\t\tLe Cercle royal des Mandolinistes de Malmedy\n\t\t\t\t<\/figcaption><\/figure><figure class='gallery-item'>\n\t\t\t<div class='gallery-icon landscape'>\n\t\t\t\t<a href='https:\/\/www.apsam.be\/wp-content\/uploads\/2018\/10\/CRMM2.jpg'><img width=\"150\" height=\"150\" src=\"https:\/\/www.apsam.be\/wp-content\/uploads\/2018\/10\/CRMM2-150x150.jpg\" class=\"attachment-thumbnail size-thumbnail colorbox-345 \" alt=\"\" loading=\"lazy\" aria-describedby=\"gallery-1-353\" \/><\/a>\n\t\t\t<\/div>\n\t\t\t\t<figcaption class='wp-caption-text gallery-caption' id='gallery-1-353'>\n\t\t\t\tLe Cercle royal des Mandolinistes de Malmedy\n\t\t\t\t<\/figcaption><\/figure><figure class='gallery-item'>\n\t\t\t<div class='gallery-icon landscape'>\n\t\t\t\t<a href='https:\/\/www.apsam.be\/wp-content\/uploads\/2018\/10\/CRMM3.jpg'><img width=\"150\" height=\"150\" src=\"https:\/\/www.apsam.be\/wp-content\/uploads\/2018\/10\/CRMM3-150x150.jpg\" class=\"attachment-thumbnail size-thumbnail colorbox-345 \" alt=\"\" loading=\"lazy\" aria-describedby=\"gallery-1-354\" \/><\/a>\n\t\t\t<\/div>\n\t\t\t\t<figcaption class='wp-caption-text gallery-caption' id='gallery-1-354'>\n\t\t\t\tLe Cercle royal des Mandolinistes de Malmedy\n\t\t\t\t<\/figcaption><\/figure><figure class='gallery-item'>\n\t\t\t<div class='gallery-icon landscape'>\n\t\t\t\t<a href='https:\/\/www.apsam.be\/wp-content\/uploads\/2018\/10\/CRMM4.jpg'><img width=\"150\" height=\"150\" src=\"https:\/\/www.apsam.be\/wp-content\/uploads\/2018\/10\/CRMM4-150x150.jpg\" class=\"attachment-thumbnail size-thumbnail colorbox-345 \" alt=\"\" loading=\"lazy\" aria-describedby=\"gallery-1-355\" \/><\/a>\n\t\t\t<\/div>\n\t\t\t\t<figcaption class='wp-caption-text gallery-caption' id='gallery-1-355'>\n\t\t\t\tLe Cercle royal des Mandolinistes de Malmedy\n\t\t\t\t<\/figcaption><\/figure><figure class='gallery-item'>\n\t\t\t<div class='gallery-icon landscape'>\n\t\t\t\t<a href='https:\/\/www.apsam.be\/wp-content\/uploads\/2018\/10\/CRMM5.jpg'><img width=\"150\" height=\"150\" src=\"https:\/\/www.apsam.be\/wp-content\/uploads\/2018\/10\/CRMM5-150x150.jpg\" class=\"attachment-thumbnail size-thumbnail colorbox-345 \" alt=\"\" loading=\"lazy\" aria-describedby=\"gallery-1-356\" \/><\/a>\n\t\t\t<\/div>\n\t\t\t\t<figcaption class='wp-caption-text gallery-caption' id='gallery-1-356'>\n\t\t\t\tLe Cercle royal des Mandolinistes de Malmedy\n\t\t\t\t<\/figcaption><\/figure><figure class='gallery-item'>\n\t\t\t<div class='gallery-icon landscape'>\n\t\t\t\t<a href='https:\/\/www.apsam.be\/wp-content\/uploads\/2018\/10\/CRMM6.jpg'><img width=\"150\" height=\"150\" src=\"https:\/\/www.apsam.be\/wp-content\/uploads\/2018\/10\/CRMM6-150x150.jpg\" class=\"attachment-thumbnail size-thumbnail colorbox-345 \" alt=\"\" loading=\"lazy\" aria-describedby=\"gallery-1-357\" \/><\/a>\n\t\t\t<\/div>\n\t\t\t\t<figcaption class='wp-caption-text gallery-caption' id='gallery-1-357'>\n\t\t\t\tLe Cercle royal des Mandolinistes de Malmedy\n\t\t\t\t<\/figcaption><\/figure><figure class='gallery-item'>\n\t\t\t<div class='gallery-icon landscape'>\n\t\t\t\t<a href='https:\/\/www.apsam.be\/wp-content\/uploads\/2018\/10\/Gemmenich1.jpg'><img width=\"150\" height=\"150\" src=\"https:\/\/www.apsam.be\/wp-content\/uploads\/2018\/10\/Gemmenich1-150x150.jpg\" class=\"attachment-thumbnail size-thumbnail colorbox-345 \" alt=\"\" loading=\"lazy\" aria-describedby=\"gallery-1-358\" \/><\/a>\n\t\t\t<\/div>\n\t\t\t\t<figcaption class='wp-caption-text gallery-caption' id='gallery-1-358'>\n\t\t\t\tLa Soci\u00e9t\u00e9 royale l&rsquo;Harmonie de Gemmenich\n\t\t\t\t<\/figcaption><\/figure><figure class='gallery-item'>\n\t\t\t<div class='gallery-icon landscape'>\n\t\t\t\t<a href='https:\/\/www.apsam.be\/wp-content\/uploads\/2018\/10\/Gemmenich2.jpg'><img width=\"150\" height=\"150\" src=\"https:\/\/www.apsam.be\/wp-content\/uploads\/2018\/10\/Gemmenich2-150x150.jpg\" class=\"attachment-thumbnail size-thumbnail colorbox-345 \" alt=\"\" loading=\"lazy\" aria-describedby=\"gallery-1-359\" \/><\/a>\n\t\t\t<\/div>\n\t\t\t\t<figcaption class='wp-caption-text gallery-caption' id='gallery-1-359'>\n\t\t\t\tLa Soci\u00e9t\u00e9 royale l&rsquo;Harmonie de Gemmenich\n\t\t\t\t<\/figcaption><\/figure><figure class='gallery-item'>\n\t\t\t<div class='gallery-icon landscape'>\n\t\t\t\t<a href='https:\/\/www.apsam.be\/wp-content\/uploads\/2018\/10\/Gemmenich3.jpg'><img width=\"150\" height=\"150\" src=\"https:\/\/www.apsam.be\/wp-content\/uploads\/2018\/10\/Gemmenich3-150x150.jpg\" class=\"attachment-thumbnail size-thumbnail colorbox-345 \" alt=\"\" loading=\"lazy\" aria-describedby=\"gallery-1-360\" \/><\/a>\n\t\t\t<\/div>\n\t\t\t\t<figcaption class='wp-caption-text gallery-caption' id='gallery-1-360'>\n\t\t\t\tLa Soci\u00e9t\u00e9 royale l&rsquo;Harmonie de Gemmenich\n\t\t\t\t<\/figcaption><\/figure><figure class='gallery-item'>\n\t\t\t<div class='gallery-icon landscape'>\n\t\t\t\t<a href='https:\/\/www.apsam.be\/wp-content\/uploads\/2018\/10\/Gemmenich4.jpg'><img width=\"150\" height=\"150\" src=\"https:\/\/www.apsam.be\/wp-content\/uploads\/2018\/10\/Gemmenich4-150x150.jpg\" class=\"attachment-thumbnail size-thumbnail colorbox-345 \" alt=\"\" loading=\"lazy\" aria-describedby=\"gallery-1-361\" \/><\/a>\n\t\t\t<\/div>\n\t\t\t\t<figcaption class='wp-caption-text gallery-caption' id='gallery-1-361'>\n\t\t\t\tLa Soci\u00e9t\u00e9 royale l&rsquo;Harmonie de Gemmenich\n\t\t\t\t<\/figcaption><\/figure><figure class='gallery-item'>\n\t\t\t<div class='gallery-icon landscape'>\n\t\t\t\t<a href='https:\/\/www.apsam.be\/wp-content\/uploads\/2018\/10\/Gemmenich5.jpg'><img width=\"150\" height=\"150\" src=\"https:\/\/www.apsam.be\/wp-content\/uploads\/2018\/10\/Gemmenich5-150x150.jpg\" class=\"attachment-thumbnail size-thumbnail colorbox-345 \" alt=\"\" loading=\"lazy\" aria-describedby=\"gallery-1-362\" \/><\/a>\n\t\t\t<\/div>\n\t\t\t\t<figcaption class='wp-caption-text gallery-caption' id='gallery-1-362'>\n\t\t\t\tLa Soci\u00e9t\u00e9 royale l&rsquo;Harmonie de Gemmenich\n\t\t\t\t<\/figcaption><\/figure><figure class='gallery-item'>\n\t\t\t<div class='gallery-icon landscape'>\n\t\t\t\t<a href='https:\/\/www.apsam.be\/wp-content\/uploads\/2018\/10\/Montzen1.jpg'><img width=\"150\" height=\"150\" src=\"https:\/\/www.apsam.be\/wp-content\/uploads\/2018\/10\/Montzen1-150x150.jpg\" class=\"attachment-thumbnail size-thumbnail colorbox-345 \" alt=\"\" loading=\"lazy\" aria-describedby=\"gallery-1-363\" \/><\/a>\n\t\t\t<\/div>\n\t\t\t\t<figcaption class='wp-caption-text gallery-caption' id='gallery-1-363'>\n\t\t\t\tLa Royale Harmonie Sainte-C\u00e9cile de Montzen\n\t\t\t\t<\/figcaption><\/figure><figure class='gallery-item'>\n\t\t\t<div class='gallery-icon landscape'>\n\t\t\t\t<a href='https:\/\/www.apsam.be\/wp-content\/uploads\/2018\/10\/Montzen2.jpg'><img width=\"150\" height=\"150\" src=\"https:\/\/www.apsam.be\/wp-content\/uploads\/2018\/10\/Montzen2-150x150.jpg\" class=\"attachment-thumbnail size-thumbnail colorbox-345 \" alt=\"\" loading=\"lazy\" aria-describedby=\"gallery-1-364\" \/><\/a>\n\t\t\t<\/div>\n\t\t\t\t<figcaption class='wp-caption-text gallery-caption' id='gallery-1-364'>\n\t\t\t\tLa Royale Harmonie Sainte-C\u00e9cile de Montzen\n\t\t\t\t<\/figcaption><\/figure><figure class='gallery-item'>\n\t\t\t<div class='gallery-icon landscape'>\n\t\t\t\t<a href='https:\/\/www.apsam.be\/wp-content\/uploads\/2018\/10\/Montzen3.jpg'><img width=\"150\" height=\"150\" src=\"https:\/\/www.apsam.be\/wp-content\/uploads\/2018\/10\/Montzen3-150x150.jpg\" class=\"attachment-thumbnail size-thumbnail colorbox-345 \" alt=\"\" loading=\"lazy\" aria-describedby=\"gallery-1-365\" \/><\/a>\n\t\t\t<\/div>\n\t\t\t\t<figcaption class='wp-caption-text gallery-caption' id='gallery-1-365'>\n\t\t\t\tLa Royale Harmonie Sainte-C\u00e9cile de Montzen\n\t\t\t\t<\/figcaption><\/figure><figure class='gallery-item'>\n\t\t\t<div class='gallery-icon landscape'>\n\t\t\t\t<a href='https:\/\/www.apsam.be\/wp-content\/uploads\/2018\/10\/Montzen4.jpg'><img width=\"150\" height=\"150\" src=\"https:\/\/www.apsam.be\/wp-content\/uploads\/2018\/10\/Montzen4-150x150.jpg\" class=\"attachment-thumbnail size-thumbnail colorbox-345 \" alt=\"\" loading=\"lazy\" aria-describedby=\"gallery-1-366\" \/><\/a>\n\t\t\t<\/div>\n\t\t\t\t<figcaption class='wp-caption-text gallery-caption' id='gallery-1-366'>\n\t\t\t\tLa Royale Harmonie Sainte-C\u00e9cile de Montzen\n\t\t\t\t<\/figcaption><\/figure><figure class='gallery-item'>\n\t\t\t<div class='gallery-icon landscape'>\n\t\t\t\t<a href='https:\/\/www.apsam.be\/wp-content\/uploads\/2018\/10\/Montzen5.jpg'><img width=\"150\" height=\"150\" src=\"https:\/\/www.apsam.be\/wp-content\/uploads\/2018\/10\/Montzen5-150x150.jpg\" class=\"attachment-thumbnail size-thumbnail colorbox-345 \" alt=\"\" loading=\"lazy\" aria-describedby=\"gallery-1-367\" \/><\/a>\n\t\t\t<\/div>\n\t\t\t\t<figcaption class='wp-caption-text gallery-caption' id='gallery-1-367'>\n\t\t\t\tLa Royale Harmonie Sainte-C\u00e9cile de Montzen\n\t\t\t\t<\/figcaption><\/figure><figure class='gallery-item'>\n\t\t\t<div class='gallery-icon landscape'>\n\t\t\t\t<a href='https:\/\/www.apsam.be\/wp-content\/uploads\/2018\/10\/Montzen6.jpg'><img width=\"150\" height=\"150\" src=\"https:\/\/www.apsam.be\/wp-content\/uploads\/2018\/10\/Montzen6-150x150.jpg\" class=\"attachment-thumbnail size-thumbnail colorbox-345 \" alt=\"\" loading=\"lazy\" aria-describedby=\"gallery-1-368\" \/><\/a>\n\t\t\t<\/div>\n\t\t\t\t<figcaption class='wp-caption-text gallery-caption' id='gallery-1-368'>\n\t\t\t\tLa Royale Harmonie Sainte-C\u00e9cile de Montzen\n\t\t\t\t<\/figcaption><\/figure><figure class='gallery-item'>\n\t\t\t<div class='gallery-icon landscape'>\n\t\t\t\t<a href='https:\/\/www.apsam.be\/wp-content\/uploads\/2018\/10\/Montzen7.jpg'><img width=\"150\" height=\"150\" src=\"https:\/\/www.apsam.be\/wp-content\/uploads\/2018\/10\/Montzen7-150x150.jpg\" class=\"attachment-thumbnail size-thumbnail colorbox-345 \" alt=\"\" loading=\"lazy\" aria-describedby=\"gallery-1-369\" \/><\/a>\n\t\t\t<\/div>\n\t\t\t\t<figcaption class='wp-caption-text gallery-caption' id='gallery-1-369'>\n\t\t\t\tLa Royale Harmonie Sainte-C\u00e9cile de Montzen\n\t\t\t\t<\/figcaption><\/figure><figure class='gallery-item'>\n\t\t\t<div class='gallery-icon landscape'>\n\t\t\t\t<a href='https:\/\/www.apsam.be\/wp-content\/uploads\/2018\/10\/Montzen8.jpg'><img width=\"150\" height=\"150\" src=\"https:\/\/www.apsam.be\/wp-content\/uploads\/2018\/10\/Montzen8-150x150.jpg\" class=\"attachment-thumbnail size-thumbnail colorbox-345 \" alt=\"\" loading=\"lazy\" aria-describedby=\"gallery-1-370\" \/><\/a>\n\t\t\t<\/div>\n\t\t\t\t<figcaption class='wp-caption-text gallery-caption' id='gallery-1-370'>\n\t\t\t\tLa Royale Harmonie Sainte-C\u00e9cile de Montzen\n\t\t\t\t<\/figcaption><\/figure>\n\t\t<\/div>\n\n<p>&nbsp;<\/p>\n","protected":false},"excerpt":{"rendered":"<p>Auditions APSAM 2018 du samedi 06 octobre au Centre culturel de Welkenraedt Composition du Jury: Jean-Claude DESIDE, trompettiste &#8211; Directeur honoraire de l&rsquo;Acad\u00e9mie de musique de Saint-Ghislain Hans-Georg REINERTZ, Chef de ch\u0153ur, fl\u00fbtiste et organiste &#8211; Directeur honoraire de la Musikakademie der Deutschsprachigen Gemeinschaft Belgiens d&rsquo;Eupen Marlo STRAUSS, mandoliniste &#8211; Professeur \u00e0 la\u00a0Musikakademie der Deutschsprachigen &#8230; <a title=\"Photos audition APSAM 2018\" class=\"read-more\" href=\"https:\/\/www.apsam.be\/?page_id=345\" aria-label=\"En savoir plus sur Photos audition APSAM 2018\">Lire la suite<\/a><\/p>\n","protected":false},"author":2,"featured_media":0,"parent":375,"menu_order":0,"comment_status":"closed","ping_status":"closed","template":"","meta":{"_exactmetrics_skip_tracking":false,"_exactmetrics_sitenote_active":false,"_exactmetrics_sitenote_note":"","_exactmetrics_sitenote_category":0},"_links":{"self":[{"href":"https:\/\/www.apsam.be\/index.php?rest_route=\/wp\/v2\/pages\/345"}],"collection":[{"href":"https:\/\/www.apsam.be\/index.php?rest_route=\/wp\/v2\/pages"}],"about":[{"href":"https:\/\/www.apsam.be\/index.php?rest_route=\/wp\/v2\/types\/page"}],"author":[{"embeddable":true,"href":"https:\/\/www.apsam.be\/index.php?rest_route=\/wp\/v2\/users\/2"}],"replies":[{"embeddable":true,"href":"https:\/\/www.apsam.be\/index.php?rest_route=%2Fwp%2Fv2%2Fcomments&post=345"}],"version-history":[{"count":8,"href":"https:\/\/www.apsam.be\/index.php?rest_route=\/wp\/v2\/pages\/345\/revisions"}],"predecessor-version":[{"id":600,"href":"https:\/\/www.apsam.be\/index.php?rest_route=\/wp\/v2\/pages\/345\/revisions\/600"}],"up":[{"embeddable":true,"href":"https:\/\/www.apsam.be\/index.php?rest_route=\/wp\/v2\/pages\/375"}],"wp:attachment":[{"href":"https:\/\/www.apsam.be\/index.php?rest_route=%2Fwp%2Fv2%2Fmedia&parent=345"}],"curies":[{"name":"wp","href":"https:\/\/api.w.org\/{rel}","templated":true}]}}